{"id":1448,"date":"2023-10-02T12:03:20","date_gmt":"2023-10-02T12:03:20","guid":{"rendered":"https:\/\/simproject.eu\/renforcer-lautonomie\/"},"modified":"2025-02-27T13:12:19","modified_gmt":"2025-02-27T13:12:19","slug":"renforcer-lautonomie","status":"publish","type":"page","link":"https:\/\/simproject.eu\/fr\/renforcer-lautonomie\/","title":{"rendered":"Renforcer l&rsquo;autonomie"},"content":{"rendered":"\t\t<div data-elementor-type=\"wp-page\" data-elementor-id=\"1448\" class=\"elementor elementor-1448 elementor-412\" data-elementor-post-type=\"page\">\n\t\t\t\t\t\t<section class=\"elementor-section elementor-top-section elementor-element elementor-element-fc6ea39 elementor-section-height-full elementor-section-boxed elementor-section-height-default elementor-section-items-middle\" data-id=\"fc6ea39\" data-element_type=\"section\" data-e-type=\"section\" data-settings=\"{&quot;background_background&quot;:&quot;classic&quot;}\">\n\t\t\t\t\t\t\t<div class=\"elementor-background-overlay\"><\/div>\n\t\t\t\t\t\t\t<div class=\"elementor-container elementor-column-gap-default\">\n\t\t\t\t\t<div class=\"elementor-column elementor-col-100 elementor-top-column elementor-element elementor-element-59b9167\" data-id=\"59b9167\" data-element_type=\"column\" data-e-type=\"column\">\n\t\t\t<div class=\"elementor-widget-wrap elementor-element-populated\">\n\t\t\t\t\t\t<div class=\"elementor-element elementor-element-bdfd8c3 elementor-widget elementor-widget-heading\" data-id=\"bdfd8c3\" data-element_type=\"widget\" data-e-type=\"widget\" data-widget_type=\"heading.default\">\n\t\t\t\t<div class=\"elementor-widget-container\">\n\t\t\t\t\t<h1 class=\"elementor-heading-title elementor-size-default\">Renforcer l'autonomie<\/h1>\t\t\t\t<\/div>\n\t\t\t\t<\/div>\n\t\t\t\t<div class=\"elementor-element elementor-element-909e68e elementor-widget elementor-widget-text-editor\" data-id=\"909e68e\" data-element_type=\"widget\" data-e-type=\"widget\" data-widget_type=\"text-editor.default\">\n\t\t\t\t<div class=\"elementor-widget-container\">\n\t\t\t\t\t\t\t\t\t<p>Les partenaires pr\u00e9voient de mettre en \u0153uvre <strong>le programme \u00e9ducatif SIM<\/strong> \u00e0 l&rsquo;intention des jeunes et des adultes professionnels et visent \u00e0 renforcer leurs capacit\u00e9s \u00e0 travailler avec les entreprises pour g\u00e9n\u00e9rer des initiatives d&rsquo;engagement communautaire au niveau local.<\/p>\t\t\t\t\t\t\t\t<\/div>\n\t\t\t\t<\/div>\n\t\t\t\t\t<\/div>\n\t\t<\/div>\n\t\t\t\t\t<\/div>\n\t\t<\/section>\n\t\t\t\t<\/div>\n\t\t","protected":false},"excerpt":{"rendered":"<p>Renforcer l&rsquo;autonomie Les partenaires pr\u00e9voient de mettre en \u0153uvre le programme \u00e9ducatif SIM \u00e0 l&rsquo;intention des jeunes et des adultes professionnels et visent \u00e0 renforcer leurs capacit\u00e9s \u00e0 travailler avec les entreprises pour g\u00e9n\u00e9rer des initiatives d&rsquo;engagement communautaire au niveau local.<\/p>\n","protected":false},"author":3,"featured_media":0,"parent":0,"menu_order":0,"comment_status":"closed","ping_status":"closed","template":"elementor_header_footer","meta":{"h5ap_radio_sources":[],"footnotes":""},"class_list":["post-1448","page","type-page","status-publish","hentry"],"_links":{"self":[{"href":"https:\/\/simproject.eu\/fr\/wp-json\/wp\/v2\/pages\/1448","targetHints":{"allow":["GET"]}}],"collection":[{"href":"https:\/\/simproject.eu\/fr\/wp-json\/wp\/v2\/pages"}],"about":[{"href":"https:\/\/simproject.eu\/fr\/wp-json\/wp\/v2\/types\/page"}],"author":[{"embeddable":true,"href":"https:\/\/simproject.eu\/fr\/wp-json\/wp\/v2\/users\/3"}],"replies":[{"embeddable":true,"href":"https:\/\/simproject.eu\/fr\/wp-json\/wp\/v2\/comments?post=1448"}],"version-history":[{"count":2,"href":"https:\/\/simproject.eu\/fr\/wp-json\/wp\/v2\/pages\/1448\/revisions"}],"predecessor-version":[{"id":2164,"href":"https:\/\/simproject.eu\/fr\/wp-json\/wp\/v2\/pages\/1448\/revisions\/2164"}],"wp:attachment":[{"href":"https:\/\/simproject.eu\/fr\/wp-json\/wp\/v2\/media?parent=1448"}],"curies":[{"name":"wp","href":"https:\/\/api.w.org\/{rel}","templated":true}]}}